{"id":88,"date":"2016-08-04T14:41:47","date_gmt":"2016-08-04T14:41:47","guid":{"rendered":"http:\/\/avepsi.org.ve\/site\/?page_id=88"},"modified":"2024-02-15T14:09:37","modified_gmt":"2024-02-15T14:09:37","slug":"historia-de-avepsi","status":"publish","type":"page","link":"https:\/\/avepsi.org.ve\/site\/la-asociacion\/historia-de-avepsi\/","title":{"rendered":"Historia de AVEPSI"},"content":{"rendered":"\t\t<div data-elementor-type=\"wp-page\" data-elementor-id=\"88\" class=\"elementor elementor-88\">\n\t\t\t\t\t\t<section class=\"elementor-section elementor-top-section elementor-element elementor-element-cdfe62a elementor-section-boxed elementor-section-height-default elementor-section-height-default\" data-id=\"cdfe62a\" data-element_type=\"section\" data-e-type=\"section\">\n\t\t\t\t\t\t<div class=\"elementor-container elementor-column-gap-wider\">\n\t\t\t\t\t<div class=\"elementor-column elementor-col-50 elementor-top-column elementor-element elementor-element-4cebdc75\" data-id=\"4cebdc75\" data-element_type=\"column\" data-e-type=\"column\">\n\t\t\t<div class=\"elementor-widget-wrap elementor-element-populated\">\n\t\t\t\t\t\t<div class=\"elementor-element elementor-element-6bb208d2 elementor-widget elementor-widget-text-editor\" data-id=\"6bb208d2\" data-element_type=\"widget\" data-e-type=\"widget\" data-widget_type=\"text-editor.default\">\n\t\t\t\t<div class=\"elementor-widget-container\">\n\t\t\t\t\t\t\t\t\t<p><strong>AVEPSI<\/strong> nace en Mayo de 1999, ante la necesidad de crear una asociaci\u00f3n nacional, no existente hasta el momento en el pa\u00eds, suficientemente plural como para agrupar al mayor n\u00famero de psicoterapeutas, para contribuir a la definici\u00f3n de condiciones claras para el ejercicio de la psicoterapia como profesi\u00f3n, apoy\u00e1ndose en la <b>DECLARACION DE ESTRASBURGO EN MATERIA DE PSICOTERAPIA,<\/b> del 21 de Octubre de 1990.<\/p>\t\t\t\t\t\t\t\t<\/div>\n\t\t\t\t<\/div>\n\t\t\t\t<div class=\"elementor-element elementor-element-38df79c elementor-widget elementor-widget-toggle\" data-id=\"38df79c\" data-element_type=\"widget\" data-e-type=\"widget\" data-widget_type=\"toggle.default\">\n\t\t\t\t<div class=\"elementor-widget-container\">\n\t\t\t\t\t\t\t<div class=\"elementor-toggle\">\n\t\t\t\t\t\t\t<div class=\"elementor-toggle-item\">\n\t\t\t\t\t<div id=\"elementor-tab-title-5961\" class=\"elementor-tab-title\" data-tab=\"1\" role=\"button\" aria-controls=\"elementor-tab-content-5961\" aria-expanded=\"false\">\n\t\t\t\t\t\t\t\t\t\t\t\t<span class=\"elementor-toggle-icon elementor-toggle-icon-left\" aria-hidden=\"true\">\n\t\t\t\t\t\t\t\t\t\t\t\t\t\t\t<span class=\"elementor-toggle-icon-closed\"><i class=\"fas fa-caret-right\"><\/i><\/span>\n\t\t\t\t\t\t\t\t<span class=\"elementor-toggle-icon-opened\"><i class=\"elementor-toggle-icon-opened fas fa-caret-up\"><\/i><\/span>\n\t\t\t\t\t\t\t\t\t\t\t\t\t<\/span>\n\t\t\t\t\t\t\t\t\t\t\t\t<a class=\"elementor-toggle-title\" tabindex=\"0\">DECLARACI\u00d3N DE ESTRASBURGO EN MATERIA DE PSICOTERAPIA<\/a>\n\t\t\t\t\t<\/div>\n\n\t\t\t\t\t<div id=\"elementor-tab-content-5961\" class=\"elementor-tab-content elementor-clearfix\" data-tab=\"1\" role=\"region\" aria-labelledby=\"elementor-tab-title-5961\"><p style=\"padding-left: 20px;\"><span style=\"color: #008000;\">Estrasburgo &#8211; Francia. 21 de octubre de 1990<\/span><\/p><p style=\"padding-left: 20px;\"><span style=\"color: #008000;\">Art\u00edculo 1.La psicoterapia es una disciplina cient\u00edfica independiente, y su ejercicio equivale a una profesi\u00f3n libre y aut\u00f3noma.<\/span><br \/><span style=\"color: #008000;\">Art\u00edculo 2. La formaci\u00f3n del psicoterap\u00e9uta se realiza a un nivel altamente calificado y cient\u00edfico.<\/span><br \/><span style=\"color: #008000;\">Art\u00edculo 3. Se garantiza la diversidad de los m\u00e9todos psicoterap\u00e9uticos.<\/span><br \/><span style=\"color: #008000;\">Art\u00edculo 4.El proceso de entrenamiento comprender\u00e1 la formaci\u00f3n te\u00f3rica, la pr\u00e1ctica cl\u00ednica acompa\u00f1ada de supervisi\u00f3n y la terapia personal, y se realizar\u00e1 por completo en el marco de un mismo m\u00e9todo psicoterap\u00e9utico. Se adquirir\u00e1n suficientes conocimientos de otros m\u00e9todos psicoterap\u00e9uticos.<\/span><br \/><span style=\"color: #008000;\">Art\u00edculo 5.El acceso a la formaci\u00f3n se efectuar\u00e1 a trav\u00e9s de diferentes calificaciones preliminares y en particular a trav\u00e9s de las ciencias humanas y sociales<\/span><\/p><\/div>\n\t\t\t\t<\/div>\n\t\t\t\t\t\t\t\t<\/div>\n\t\t\t\t\t\t<\/div>\n\t\t\t\t<\/div>\n\t\t\t\t<div class=\"elementor-element elementor-element-e322c24 elementor-widget elementor-widget-toggle\" data-id=\"e322c24\" data-element_type=\"widget\" data-e-type=\"widget\" data-widget_type=\"toggle.default\">\n\t\t\t\t<div class=\"elementor-widget-container\">\n\t\t\t\t\t\t\t<div class=\"elementor-toggle\">\n\t\t\t\t\t\t\t<div class=\"elementor-toggle-item\">\n\t\t\t\t\t<div id=\"elementor-tab-title-2381\" class=\"elementor-tab-title\" data-tab=\"1\" role=\"button\" aria-controls=\"elementor-tab-content-2381\" aria-expanded=\"false\">\n\t\t\t\t\t\t\t\t\t\t\t\t<span class=\"elementor-toggle-icon elementor-toggle-icon-left\" aria-hidden=\"true\">\n\t\t\t\t\t\t\t\t\t\t\t\t\t\t\t<span class=\"elementor-toggle-icon-closed\"><i class=\"fas fa-caret-right\"><\/i><\/span>\n\t\t\t\t\t\t\t\t<span class=\"elementor-toggle-icon-opened\"><i class=\"elementor-toggle-icon-opened fas fa-caret-up\"><\/i><\/span>\n\t\t\t\t\t\t\t\t\t\t\t\t\t<\/span>\n\t\t\t\t\t\t\t\t\t\t\t\t<a class=\"elementor-toggle-title\" tabindex=\"0\">Los miembros fundadores de AVEPSI<\/a>\n\t\t\t\t\t<\/div>\n\n\t\t\t\t\t<div id=\"elementor-tab-content-2381\" class=\"elementor-tab-content elementor-clearfix\" data-tab=\"1\" role=\"region\" aria-labelledby=\"elementor-tab-title-2381\"><p>Los miembros fundadores de AVEPSI son profesionales representantes de diversas instituciones, asociaciones, escuelas y postgrados universitarios, como son entre otros:<\/p><ul><li>Postgrado del Hospital Universitario de Caracas<\/li><li>Postgrado del Hospital Vargas de Caracas<\/li><li>Postgrado del centro de Salud Mental del Este El Pe\u00f1\u00f3n<\/li><li>Posgrado del Hospital Militar \u00bb Carlos Arvelo\u00bb<\/li><li>Posgrdo del Hospital Psiqui\u00e1trico de Lidice<\/li><li>La Asociaci\u00f3n Venezolana de Psicoan\u00e1lisis<\/li><li>El Centro de Estudios Junguianos<\/li><li>La Escuela de Psicologia Profunda<\/li><li>La Sociedad Venezolana de Psiquiatr\u00eda<\/li><li>El instituto Venezolano de Gestalt<\/li><li>La Sociedad Venezolana de Gestalt<\/li><li>Humana Docencia<\/li><li>La Sociedad Venezolana de Psicoterapia<\/li><li>La Unidad de Comunicaci\u00f3n Humana y Terapia Familiar<\/li><li>La escuela Lacaniana<\/li><\/ul><\/div>\n\t\t\t\t<\/div>\n\t\t\t\t\t\t\t\t<\/div>\n\t\t\t\t\t\t<\/div>\n\t\t\t\t<\/div>\n\t\t\t\t<div class=\"elementor-element elementor-element-af3e4ac elementor-widget elementor-widget-toggle\" data-id=\"af3e4ac\" data-element_type=\"widget\" data-e-type=\"widget\" data-widget_type=\"toggle.default\">\n\t\t\t\t<div class=\"elementor-widget-container\">\n\t\t\t\t\t\t\t<div class=\"elementor-toggle\">\n\t\t\t\t\t\t\t<div class=\"elementor-toggle-item\">\n\t\t\t\t\t<div id=\"elementor-tab-title-1831\" class=\"elementor-tab-title\" data-tab=\"1\" role=\"button\" aria-controls=\"elementor-tab-content-1831\" aria-expanded=\"false\">\n\t\t\t\t\t\t\t\t\t\t\t\t<span class=\"elementor-toggle-icon elementor-toggle-icon-left\" aria-hidden=\"true\">\n\t\t\t\t\t\t\t\t\t\t\t\t\t\t\t<span class=\"elementor-toggle-icon-closed\"><i class=\"fas fa-caret-right\"><\/i><\/span>\n\t\t\t\t\t\t\t\t<span class=\"elementor-toggle-icon-opened\"><i class=\"elementor-toggle-icon-opened fas fa-caret-up\"><\/i><\/span>\n\t\t\t\t\t\t\t\t\t\t\t\t\t<\/span>\n\t\t\t\t\t\t\t\t\t\t\t\t<a class=\"elementor-toggle-title\" tabindex=\"0\">VER M\u00c1S HISTORIA...<\/a>\n\t\t\t\t\t<\/div>\n\n\t\t\t\t\t<div id=\"elementor-tab-content-1831\" class=\"elementor-tab-content elementor-clearfix\" data-tab=\"1\" role=\"region\" aria-labelledby=\"elementor-tab-title-1831\"><p><span style=\"font-style: inherit; font-weight: inherit; color: var( --e-global-color-text ); font-family: var( --e-global-typography-text-font-family ), Sans-serif; background-color: var(--ast-global-color-5);\">AVEPSI comenz\u00f3 sus actividades cient\u00edficas en pro del desarrollo de la psicoterapia en Venezuela con la organizaci\u00f3n y desarrollo del <\/span><b style=\"font-style: inherit; color: var( --e-global-color-text ); font-family: var( --e-global-typography-text-font-family ), Sans-serif; background-color: var(--ast-global-color-5);\">Segundo Congreso Venezolano de Psicoterapia<\/b><span style=\"font-style: inherit; font-weight: inherit; color: var( --e-global-color-text ); font-family: var( --e-global-typography-text-font-family ), Sans-serif; background-color: var(--ast-global-color-5);\">, cuyo tema central fue la <\/span><i style=\"font-weight: inherit; color: var( --e-global-color-text ); font-family: var( --e-global-typography-text-font-family ), Sans-serif; background-color: var(--ast-global-color-5);\">Formaci\u00f3n de Psicoterapeutas<\/i><span style=\"font-style: inherit; font-weight: inherit; color: var( --e-global-color-text ); font-family: var( --e-global-typography-text-font-family ), Sans-serif; background-color: var(--ast-global-color-5);\"> y cuya estructura para el dise\u00f1o de las ponencias se bas\u00f3 en la Declaraci\u00f3n de Estrasburgo en materia de Psicoterapia, en relaci\u00f3n con los aspectos m\u00e1s relevantes a considerar para la formaci\u00f3n de profesionales de la psicoterapia. En el mencionado evento se rindi\u00f3 un merecido homenaje al <\/span><u style=\"font-style: inherit; font-weight: inherit; color: var( --e-global-color-text ); font-family: var( --e-global-typography-text-font-family ), Sans-serif; background-color: var(--ast-global-color-5);\">Dr. <\/u><u style=\"font-style: inherit; font-weight: inherit; color: var( --e-global-color-text ); font-family: var( --e-global-typography-text-font-family ), Sans-serif; background-color: var(--ast-global-color-5);\">Moises<\/u> <u style=\"font-style: inherit; font-weight: inherit; color: var( --e-global-color-text ); font-family: var( --e-global-typography-text-font-family ), Sans-serif; background-color: var(--ast-global-color-5);\">Feldman<\/u><span style=\"font-style: inherit; font-weight: inherit; color: var( --e-global-color-text ); font-family: var( --e-global-typography-text-font-family ), Sans-serif; background-color: var(--ast-global-color-5);\">, pionero y realizador del Primer Congreso Venezolano de Psicoterapia en el a\u00f1o 1995, en la ciudad de Porlamar, estado Nueva Esparta y es por sus m\u00e9ritos, que este segundo Congreso llev\u00f3 su nombre.<\/span><\/p><p>Desde entonces, AVEPSI ha programado congresos bianuales. En el a\u00f1o 2003, le fue otorgada la sede a nuestro pa\u00eds para la realizaci\u00f3n del Cuarto Congreso Latinoamericano de Psicoterapia, el cual se realiz\u00f3 en Caracas bajo los auspicios de la <b>Federaci\u00f3n Latinoamericana de Psicoterapia<\/b> y del <b>World<\/b><b> Council <\/b><b>for<\/b> <b>Psychotherapy<\/b><b>,<\/b> lo cual signific\u00f3 tambi\u00e9n, tener la Presidencia de la Federaci\u00f3n como pa\u00eds sede.<\/p><p>Es as\u00ed como AVEPSI es actualmente el organismo nacional reconocido como representante del pa\u00eds ante la Federaci\u00f3n Latinoamericana de Psicoterapia y es integrante del <b>World<\/b><b> Council <\/b><b>for<\/b> <b>Psychotherapy<\/b> <u><b>(<\/b><\/u><a href=\"http:\/\/www.worldpsyche.org\/\" target=\"_blank\" rel=\"noopener\"><b>www.worldpsyche.org<\/b><\/a><b>)<\/b> con sede en Viena.<\/p><p>AVEPSI ha creado desde su fundaci\u00f3n y hasta la fecha Cap\u00edtulos en diferentes estados y regiones del pa\u00eds, con la finalidad de promover el desarrollo de la psicoterapia en esas localidades, a trav\u00e9s de la realizaci\u00f3n de actividades cient\u00edficas programadas autom\u00e1ticamente por los presidentes y secretarios de los respectivos Cap\u00edtulos. Estos Cap\u00edtulos son hasta ahora Lara, Carabobo, Aragua, Oriente (Anzoategui y Nueva Esparta), T\u00e1chira, Zulia y M\u00e9rida.<\/p><p>AVEPSI en concordancia con sus objetivos de elevar los est\u00e1ndares de la formaci\u00f3n de los psicoterapeutas en Venezuela, ha propuesto desarrollar la creaci\u00f3n de <b>CERTIFICACIONES PARA PSICOTERAPEUTAS<\/b>, lo cual no es un requisito legal actualmente para ejercer la profesi\u00f3n, pero la visi\u00f3n es que podr\u00eda serlo en el futuro y se constituir\u00eda en el mayor estimulo y garant\u00eda acad\u00e9mico para la formaci\u00f3n en el ejercicio de la psicoterapia.<\/p><\/div>\n\t\t\t\t<\/div>\n\t\t\t\t\t\t\t\t<\/div>\n\t\t\t\t\t\t<\/div>\n\t\t\t\t<\/div>\n\t\t\t\t\t<\/div>\n\t\t<\/div>\n\t\t\t\t<div class=\"elementor-column elementor-col-50 elementor-top-column elementor-element elementor-element-cb480c0\" data-id=\"cb480c0\" data-element_type=\"column\" data-e-type=\"column\">\n\t\t\t<div class=\"elementor-widget-wrap elementor-element-populated\">\n\t\t\t\t\t\t<div class=\"elementor-element elementor-element-21f63a3 elementor-widget__width-initial elementor-widget elementor-widget-image\" data-id=\"21f63a3\" data-element_type=\"widget\" data-e-type=\"widget\" data-widget_type=\"image.default\">\n\t\t\t\t<div class=\"elementor-widget-container\">\n\t\t\t\t\t\t\t\t\t\t\t\t\t\t\t<img fetchpriority=\"high\" decoding=\"async\" width=\"670\" height=\"450\" src=\"https:\/\/avepsi.org.ve\/site\/wp-content\/uploads\/2023\/06\/psicoterapia2.jpg\" class=\"attachment-full size-full wp-image-1696\" alt=\"\" srcset=\"https:\/\/avepsi.org.ve\/site\/wp-content\/uploads\/2023\/06\/psicoterapia2.jpg 670w, https:\/\/avepsi.org.ve\/site\/wp-content\/uploads\/2023\/06\/psicoterapia2-300x201.jpg 300w, https:\/\/avepsi.org.ve\/site\/wp-content\/uploads\/2023\/06\/psicoterapia2-272x182.jpg 272w\" sizes=\"(max-width: 670px) 100vw, 670px\" \/>\t\t\t\t\t\t\t\t\t\t\t\t\t\t\t<\/div>\n\t\t\t\t<\/div>\n\t\t\t\t<div class=\"elementor-element elementor-element-7a6bd42 elementor-widget elementor-widget-spacer\" data-id=\"7a6bd42\" data-element_type=\"widget\" data-e-type=\"widget\" data-widget_type=\"spacer.default\">\n\t\t\t\t<div class=\"elementor-widget-container\">\n\t\t\t\t\t\t\t<div class=\"elementor-spacer\">\n\t\t\t<div class=\"elementor-spacer-inner\"><\/div>\n\t\t<\/div>\n\t\t\t\t\t\t<\/div>\n\t\t\t\t<\/div>\n\t\t\t\t\t<\/div>\n\t\t<\/div>\n\t\t\t\t\t<\/div>\n\t\t<\/section>\n\t\t\t\t<\/div>\n\t\t","protected":false},"excerpt":{"rendered":"<p>AVEPSI nace en Mayo de 1999, ante la necesidad de crear una asociaci\u00f3n nacional, no existente hasta el momento en [&hellip;]<\/p>\n","protected":false},"author":1,"featured_media":0,"parent":5,"menu_order":0,"comment_status":"closed","ping_status":"closed","template":"","meta":{"site-sidebar-layout":"default","site-content-layout":"","ast-site-content-layout":"default","site-content-style":"default","site-sidebar-style":"default","ast-global-header-display":"","ast-banner-title-visibility":"","ast-main-header-display":"","ast-hfb-above-header-display":"","ast-hfb-below-header-display":"","ast-hfb-mobile-header-display":"","site-post-title":"","ast-breadcrumbs-content":"","ast-featured-img":"","footer-sml-layout":"","ast-disable-related-posts":"","theme-transparent-header-meta":"","adv-header-id-meta":"","stick-header-meta":"","header-above-stick-meta":"","header-main-stick-meta":"","header-below-stick-meta":"","astra-migrate-meta-layouts":"default","ast-page-background-enabled":"default","ast-page-background-meta":{"desktop":{"background-color":"var(--ast-global-color-4)","background-image":"","background-repeat":"repeat","background-position":"center center","background-size":"auto","background-attachment":"scroll","background-type":"","background-media":"","overlay-type":"","overlay-color":"","overlay-opacity":"","overlay-gradient":""},"tablet":{"background-color":"","background-image":"","background-repeat":"repeat","background-position":"center center","background-size":"auto","background-attachment":"scroll","background-type":"","background-media":"","overlay-type":"","overlay-color":"","overlay-opacity":"","overlay-gradient":""},"mobile":{"background-color":"","background-image":"","background-repeat":"repeat","background-position":"center center","background-size":"auto","background-attachment":"scroll","background-type":"","background-media":"","overlay-type":"","overlay-color":"","overlay-opacity":"","overlay-gradient":""}},"ast-content-background-meta":{"desktop":{"background-color":"var(--ast-global-color-5)","background-image":"","background-repeat":"repeat","background-position":"center center","background-size":"auto","background-attachment":"scroll","background-type":"","background-media":"","overlay-type":"","overlay-color":"","overlay-opacity":"","overlay-gradient":""},"tablet":{"background-color":"var(--ast-global-color-5)","background-image":"","background-repeat":"repeat","background-position":"center center","background-size":"auto","background-attachment":"scroll","background-type":"","background-media":"","overlay-type":"","overlay-color":"","overlay-opacity":"","overlay-gradient":""},"mobile":{"background-color":"var(--ast-global-color-5)","background-image":"","background-repeat":"repeat","background-position":"center center","background-size":"auto","background-attachment":"scroll","background-type":"","background-media":"","overlay-type":"","overlay-color":"","overlay-opacity":"","overlay-gradient":""}},"footnotes":""},"class_list":["post-88","page","type-page","status-publish","hentry"],"_links":{"self":[{"href":"https:\/\/avepsi.org.ve\/site\/wp-json\/wp\/v2\/pages\/88","targetHints":{"allow":["GET"]}}],"collection":[{"href":"https:\/\/avepsi.org.ve\/site\/wp-json\/wp\/v2\/pages"}],"about":[{"href":"https:\/\/avepsi.org.ve\/site\/wp-json\/wp\/v2\/types\/page"}],"author":[{"embeddable":true,"href":"https:\/\/avepsi.org.ve\/site\/wp-json\/wp\/v2\/users\/1"}],"replies":[{"embeddable":true,"href":"https:\/\/avepsi.org.ve\/site\/wp-json\/wp\/v2\/comments?post=88"}],"version-history":[{"count":0,"href":"https:\/\/avepsi.org.ve\/site\/wp-json\/wp\/v2\/pages\/88\/revisions"}],"up":[{"embeddable":true,"href":"https:\/\/avepsi.org.ve\/site\/wp-json\/wp\/v2\/pages\/5"}],"wp:attachment":[{"href":"https:\/\/avepsi.org.ve\/site\/wp-json\/wp\/v2\/media?parent=88"}],"curies":[{"name":"wp","href":"https:\/\/api.w.org\/{rel}","templated":true}]}}