{"id":637,"date":"2018-04-16T11:49:42","date_gmt":"2018-04-16T11:49:42","guid":{"rendered":"http:\/\/avepsi.org.ve\/site\/?page_id=637"},"modified":"2026-04-24T04:10:17","modified_gmt":"2026-04-24T04:10:17","slug":"eventos-anteriores","status":"publish","type":"page","link":"https:\/\/avepsi.org.ve\/site\/eventos-anteriores\/","title":{"rendered":"Eventos anteriores"},"content":{"rendered":"\t\t<div data-elementor-type=\"wp-page\" data-elementor-id=\"637\" class=\"elementor elementor-637\">\n\t\t\t\t\t\t<section class=\"elementor-section elementor-top-section elementor-element elementor-element-28f02ff elementor-section-boxed elementor-section-height-default elementor-section-height-default\" data-id=\"28f02ff\" data-element_type=\"section\" data-e-type=\"section\">\n\t\t\t\t\t\t<div class=\"elementor-container elementor-column-gap-wide\">\n\t\t\t\t\t<div class=\"elementor-column elementor-col-25 elementor-top-column elementor-element elementor-element-505e064\" data-id=\"505e064\" data-element_type=\"column\" data-e-type=\"column\">\n\t\t\t<div class=\"elementor-widget-wrap\">\n\t\t\t\t\t\t\t<\/div>\n\t\t<\/div>\n\t\t\t\t<div class=\"elementor-column elementor-col-25 elementor-top-column elementor-element elementor-element-9134576\" data-id=\"9134576\" data-element_type=\"column\" data-e-type=\"column\">\n\t\t\t<div class=\"elementor-widget-wrap elementor-element-populated\">\n\t\t\t\t\t\t<div class=\"elementor-element elementor-element-8c6927d elementor-widget elementor-widget-toggle\" data-id=\"8c6927d\" data-element_type=\"widget\" data-e-type=\"widget\" data-widget_type=\"toggle.default\">\n\t\t\t\t<div class=\"elementor-widget-container\">\n\t\t\t\t\t\t\t<div class=\"elementor-toggle\">\n\t\t\t\t\t\t\t<div class=\"elementor-toggle-item\">\n\t\t\t\t\t<div id=\"elementor-tab-title-1471\" class=\"elementor-tab-title\" data-tab=\"1\" role=\"button\" aria-controls=\"elementor-tab-content-1471\" aria-expanded=\"false\">\n\t\t\t\t\t\t\t\t\t\t\t\t<span class=\"elementor-toggle-icon elementor-toggle-icon-left\" aria-hidden=\"true\">\n\t\t\t\t\t\t\t\t\t\t\t\t\t\t\t<span class=\"elementor-toggle-icon-closed\"><i class=\"fas fa-caret-right\"><\/i><\/span>\n\t\t\t\t\t\t\t\t<span class=\"elementor-toggle-icon-opened\"><i class=\"elementor-toggle-icon-opened fas fa-caret-up\"><\/i><\/span>\n\t\t\t\t\t\t\t\t\t\t\t\t\t<\/span>\n\t\t\t\t\t\t\t\t\t\t\t\t<a class=\"elementor-toggle-title\" tabindex=\"0\">2023<\/a>\n\t\t\t\t\t<\/div>\n\n\t\t\t\t\t<div id=\"elementor-tab-content-1471\" class=\"elementor-tab-content elementor-clearfix\" data-tab=\"1\" role=\"region\" aria-labelledby=\"elementor-tab-title-1471\"><p><a href=\"http:\/\/avepsi.org.ve\/site\/jornadas-2023-vinculo-y-psicoterapia-mas-alla-del-enfoque\/\">JORNADAS 2023. Vinculo y Psicoterapia, mas all\u00e1 del enfoque<\/a>.<\/p><\/div>\n\t\t\t\t<\/div>\n\t\t\t\t\t\t\t<div class=\"elementor-toggle-item\">\n\t\t\t\t\t<div id=\"elementor-tab-title-1472\" class=\"elementor-tab-title\" data-tab=\"2\" role=\"button\" aria-controls=\"elementor-tab-content-1472\" aria-expanded=\"false\">\n\t\t\t\t\t\t\t\t\t\t\t\t<span class=\"elementor-toggle-icon elementor-toggle-icon-left\" aria-hidden=\"true\">\n\t\t\t\t\t\t\t\t\t\t\t\t\t\t\t<span class=\"elementor-toggle-icon-closed\"><i class=\"fas fa-caret-right\"><\/i><\/span>\n\t\t\t\t\t\t\t\t<span class=\"elementor-toggle-icon-opened\"><i class=\"elementor-toggle-icon-opened fas fa-caret-up\"><\/i><\/span>\n\t\t\t\t\t\t\t\t\t\t\t\t\t<\/span>\n\t\t\t\t\t\t\t\t\t\t\t\t<a class=\"elementor-toggle-title\" tabindex=\"0\">2022<\/a>\n\t\t\t\t\t<\/div>\n\n\t\t\t\t\t<div id=\"elementor-tab-content-1472\" class=\"elementor-tab-content elementor-clearfix\" data-tab=\"2\" role=\"region\" aria-labelledby=\"elementor-tab-title-1472\"><p><strong>Servicio de atenci\u00f3n Psicoanal\u00edtica a la sociedad. Sociedad Psicoanal\u00edtica de Caracas\u00a0 \u00a0<\/strong>julio 28\/2022<br \/>Ver&#8230;<\/p><p><strong>Asociaci\u00f3n Psicoanal\u00edtica Argentina\u00a0 <\/strong>Agosto 05-22<br \/><strong>Encuentro del psicoan\u00e1lisis con el cine de Almod\u00f3var<br \/><\/strong>Ver&#8230;<\/p><p><strong>16vo Congreso Chileno de Psicoterapia\u00a0 <\/strong>Agosto 2022 &#8211; Chile<br \/><a href=\"http:\/\/www.congresopsicoterapia.cl\/?i=1\">http:\/\/www.congresopsicoterapia.cl\/?i=1<\/a><\/p><p><strong>\u00a022vo Congreso de Asociaci\u00f3n Mundial de Psiquiatr\u00eda (<\/strong> <strong>WPA) <\/strong>\u00a0 Agosto 3-6\/2022,\u00a0\u00a0 Bangkok , Tailandia.<br \/><a href=\"https:\/\/wcp-congress.com\/#:~:text=Congress%20of%20Psychiatry%20Learn%20More,Congress%20of%20Psychiatry%20in%20Bangkok%2C\">https:\/\/wcp-congress.com\/#:~:text=Congress%20of%20Psychiatry%20Learn%20More,Congress%20of%20Psychiatry%20in%20Bangkok%2C<\/a><\/p><p><strong>Reuni\u00f3n Anual Asociaci\u00f3n Americana de Psicolog\u00eda <\/strong>(APA)\u00a0 Agosto 4-6. Minneapolis, Minnesota<br \/>Ver&#8230;<\/p><p><strong>Asociaci\u00f3n Europea de Terapia cognitivo-conductual\u00a0 <\/strong>Sept 07-10-2022. Barcelona, Espa\u00f1a<br \/><a href=\"https:\/\/eabct2022.org\/index.php\/organization\">https:\/\/eabct2022.org\/index.php\/organization<\/a><\/p><p><strong>XXII Congreso Internacional de Psicolog\u00eda Anal\u00edtica\u00a0 <\/strong>Agosto 28 -Septiembre 02-2022 <strong>. <\/strong>Buenos Aires, Argentina<br \/>Ver&#8230;<\/p><p><strong>Federaci\u00f3n Espa\u00f1ola de Asociaciones de Psicoterapeutas (FEAP)\u00a0 \u00a0<\/strong>Noviembre 3-5. Bilbao, Espa\u00f1a<br \/><a href=\"https:\/\/feapbilbao.com\/congreso-bilbao-2022\/\">https:\/\/feapbilbao.com\/congreso-bilbao-2022\/<\/a><\/p><\/div>\n\t\t\t\t<\/div>\n\t\t\t\t\t\t\t<div class=\"elementor-toggle-item\">\n\t\t\t\t\t<div id=\"elementor-tab-title-1473\" class=\"elementor-tab-title\" data-tab=\"3\" role=\"button\" aria-controls=\"elementor-tab-content-1473\" aria-expanded=\"false\">\n\t\t\t\t\t\t\t\t\t\t\t\t<span class=\"elementor-toggle-icon elementor-toggle-icon-left\" aria-hidden=\"true\">\n\t\t\t\t\t\t\t\t\t\t\t\t\t\t\t<span class=\"elementor-toggle-icon-closed\"><i class=\"fas fa-caret-right\"><\/i><\/span>\n\t\t\t\t\t\t\t\t<span class=\"elementor-toggle-icon-opened\"><i class=\"elementor-toggle-icon-opened fas fa-caret-up\"><\/i><\/span>\n\t\t\t\t\t\t\t\t\t\t\t\t\t<\/span>\n\t\t\t\t\t\t\t\t\t\t\t\t<a class=\"elementor-toggle-title\" tabindex=\"0\">2020<\/a>\n\t\t\t\t\t<\/div>\n\n\t\t\t\t\t<div id=\"elementor-tab-content-1473\" class=\"elementor-tab-content elementor-clearfix\" data-tab=\"3\" role=\"region\" aria-labelledby=\"elementor-tab-title-1473\"><div id=\"panel-637-0-0-0\" class=\"so-panel widget widget_sow-editor panel-first-child\" data-index=\"0\" data-style=\"{&quot;background_image_attachment&quot;:false,&quot;background_display&quot;:&quot;tile&quot;}\"><div class=\"so-widget-sow-editor so-widget-sow-editor-base\"><div class=\"siteorigin-widget-tinymce textwidget\"><p><strong>XII Congreso Asociaci\u00f3n Mundial de Psicoan\u00e1lisis. <\/strong><strong>Abril\u00a0 13-17\/2020. <em>Buenos Aires. Argentina<\/em><\/strong><br \/><a href=\"https:\/\/congresoamp2020.com\/\">https:\/\/congresoamp2020.com\/<\/a><\/p><\/div><\/div><\/div><div id=\"panel-637-0-0-1\" class=\"so-panel widget widget_sow-editor panel-last-child\" data-index=\"1\" data-style=\"{&quot;background_image_attachment&quot;:false,&quot;background_display&quot;:&quot;tile&quot;}\"><div class=\"so-widget-sow-editor so-widget-sow-editor-base\"><div class=\"siteorigin-widget-tinymce textwidget\"><p><strong>American Psychiatric Association &#8211; Annual Meeting<\/strong><br \/>Abril\u00a0 25-29, Philadelphia<br \/>Ver&#8230;<\/p><p><strong>XIII Congreso Latinoamericano de Psicoterapia. <\/strong>Mayo 21-23\/2020. Montevideo.Uruguay<br \/>Ver&#8230;<\/p><p><strong>II Congreso Latinoamericano de Gestalt . Mayo 21-24\/2020. <\/strong>Piri\u00e1polis. Uruguay<br \/>Ver&#8230;<\/p><p><strong>22vo Congreso de Patolog\u00eda Dual. Mayo 21\/23\/2020. Sevilla . Espa\u00f1a<br \/><\/strong><a href=\"https:\/\/www.patologia-dual.com\/\">https:\/\/www.patologia-dual.com\/<\/a><\/p><p><strong>51th SPR International Annual Meeting<\/strong><br \/><em>Junio 17\/20\/2020 <\/em>Amherst, Massachusetts<br \/>Ver&#8230;<\/p><p><strong>XVI Congreso de Red Europea y Latinoamericana de Escuelas Sist\u00e9micas\u00a0 (RELATES)<br \/><\/strong>Julio 2-4\/2020. Asunci\u00f3n. Paraguay<br \/>Ver&#8230;<\/p><p><strong>XX Congreso Mundial de Psiquiatr\u00eda (WPA).<\/strong><br \/>Octubre 14-17\/2020 . Bangkok. Tailandia<br \/><a href=\"https:\/\/wcp-congress.com\/\">https:\/\/wcp-congress.com\/<\/a><\/p><\/div><\/div><\/div><\/div>\n\t\t\t\t<\/div>\n\t\t\t\t\t\t\t<div class=\"elementor-toggle-item\">\n\t\t\t\t\t<div id=\"elementor-tab-title-1474\" class=\"elementor-tab-title\" data-tab=\"4\" role=\"button\" aria-controls=\"elementor-tab-content-1474\" aria-expanded=\"false\">\n\t\t\t\t\t\t\t\t\t\t\t\t<span class=\"elementor-toggle-icon elementor-toggle-icon-left\" aria-hidden=\"true\">\n\t\t\t\t\t\t\t\t\t\t\t\t\t\t\t<span class=\"elementor-toggle-icon-closed\"><i class=\"fas fa-caret-right\"><\/i><\/span>\n\t\t\t\t\t\t\t\t<span class=\"elementor-toggle-icon-opened\"><i class=\"elementor-toggle-icon-opened fas fa-caret-up\"><\/i><\/span>\n\t\t\t\t\t\t\t\t\t\t\t\t\t<\/span>\n\t\t\t\t\t\t\t\t\t\t\t\t<a class=\"elementor-toggle-title\" tabindex=\"0\">2019<\/a>\n\t\t\t\t\t<\/div>\n\n\t\t\t\t\t<div id=\"elementor-tab-content-1474\" class=\"elementor-tab-content elementor-clearfix\" data-tab=\"4\" role=\"region\" aria-labelledby=\"elementor-tab-title-1474\"><div id=\"primary\" class=\"content-area clr\"><div id=\"content\" class=\"site-content clr\"><article class=\"wpex-clr\"><div class=\"entry-content entry clr\"><div id=\"pl-81\" class=\"panel-layout\"><div id=\"pg-81-0\" class=\"panel-grid panel-no-style\"><div id=\"pgc-81-0-0\" class=\"panel-grid-cell\"><div id=\"panel-81-0-0-0\" class=\"so-panel widget widget_sow-editor panel-first-child panel-last-child\" data-index=\"0\"><div class=\"so-widget-sow-editor so-widget-sow-editor-base\"><div class=\"siteorigin-widget-tinymce textwidget\"><p><b>Violencia intrafamiliar y masculinidad.<\/b><br \/>26 de noviembre 2019, Sala Experimental Centro Cultural BOD (Ver info)<\/p><p><b>El c\u00e1ncer de mama. Consideraciones sobre su diagn\u00f3stico y tratamiento.<\/b><br \/>30 de octubre 2019, Sala Experimental Centro Cultural BOD (Ver info)<\/p><p><b>Psicolog\u00eda de la alimentaci\u00f3n y sobrepeso<\/b><br \/>25 de septiembre 2019, Sala Experimental Centro Cultural BOD (Ver info)<\/p><p><b>Redes Sociales en ni\u00f1os y adolescentes, \u00bfbeneficiosas o da\u00f1inas? Gu\u00eda\u00a0para padres\u00a0<\/b><br \/>22 de mayo 2019, Sala Experimental Centro Cultural BOD (<a href=\"http:\/\/avepsi.org.ve\/site\/redes-sociales-en-ninos-y-adolescentes-beneficiosas-o-daninas-guia-para-padres\/\">Ver info<\/a>)<\/p><p><strong>Conviviendo con el Trastorno Bipolar<\/strong><br \/>8 de mayo 2019, Sala Experimental Centro Cultural BOD (Ver info)<\/p><\/div><\/div><\/div><\/div><\/div><\/div><\/div><\/article><\/div><\/div><\/div>\n\t\t\t\t<\/div>\n\t\t\t\t\t\t\t<div class=\"elementor-toggle-item\">\n\t\t\t\t\t<div id=\"elementor-tab-title-1475\" class=\"elementor-tab-title\" data-tab=\"5\" role=\"button\" aria-controls=\"elementor-tab-content-1475\" aria-expanded=\"false\">\n\t\t\t\t\t\t\t\t\t\t\t\t<span class=\"elementor-toggle-icon elementor-toggle-icon-left\" aria-hidden=\"true\">\n\t\t\t\t\t\t\t\t\t\t\t\t\t\t\t<span class=\"elementor-toggle-icon-closed\"><i class=\"fas fa-caret-right\"><\/i><\/span>\n\t\t\t\t\t\t\t\t<span class=\"elementor-toggle-icon-opened\"><i class=\"elementor-toggle-icon-opened fas fa-caret-up\"><\/i><\/span>\n\t\t\t\t\t\t\t\t\t\t\t\t\t<\/span>\n\t\t\t\t\t\t\t\t\t\t\t\t<a class=\"elementor-toggle-title\" tabindex=\"0\">2018<\/a>\n\t\t\t\t\t<\/div>\n\n\t\t\t\t\t<div id=\"elementor-tab-content-1475\" class=\"elementor-tab-content elementor-clearfix\" data-tab=\"5\" role=\"region\" aria-labelledby=\"elementor-tab-title-1475\"><div id=\"panel-637-0-0-0\" class=\"so-panel widget widget_sow-editor panel-first-child\" data-index=\"0\" data-style=\"{&quot;background_image_attachment&quot;:false,&quot;background_display&quot;:&quot;tile&quot;}\"><div class=\"so-widget-sow-editor so-widget-sow-editor-base\"><div class=\"siteorigin-widget-tinymce textwidget\"><strong>V Congresso Brasileiro Psicologia: Ci\u00eancia e Profiss\u00e3o<br \/><\/strong>Sao Paulo, 14 al 18 de noviembre &#8211;<a href=\"http:\/\/avepsi.org.ve\/site\/wp-content\/uploads\/2018\/10\/brasil_2018.jpg\" target=\"_blank\" rel=\"noopener\">ver info<\/a>&#8211;<br \/><a href=\"http:\/\/www.cienciaeprofissao.com.br\/v-cbp\/\" target=\"_blank\" rel=\"noopener\">http:\/\/www.cienciaeprofissao.com.br\/v-cbp\/<\/a><\/div><\/div><\/div><div id=\"panel-637-0-0-1\" class=\"so-panel widget widget_sow-editor panel-last-child\" data-index=\"1\" data-style=\"{&quot;background_image_attachment&quot;:false,&quot;background_display&quot;:&quot;tile&quot;}\"><div class=\"so-widget-sow-editor so-widget-sow-editor-base\"><div class=\"siteorigin-widget-tinymce textwidget\"><p><strong>Anual Meeting APA<br \/><\/strong>New York\u00a0 Mayo 2018<br \/><a href=\"https:\/\/www.psychiatry.org\/psychiatrists\/meetings\/annual-meeting\/guide\" target=\"_blank\" rel=\"noopener\">https:\/\/www.psychiatry.org\/psychiatrists\/meetings\/annual-meeting\/guide<\/a><\/p><p><strong>XIV Jornadas Internacionales Relates 2018<br \/><\/strong>Buenos Aires. Julio 2018<br \/><a href=\"http:\/\/relates2018.com\/\" target=\"_blank\" rel=\"noopener\">http:\/\/relates2018.com\/<\/a><\/p><p><strong>VII CONGRESO LATINOAMERICANO DE PSICOLOGIA JUNGUIANA<br \/><\/strong>Bogot\u00e1. Julio 2018<br \/><a href=\"http:\/\/clapjung.com.co\/\" target=\"_blank\" rel=\"noopener\">http:\/\/clapjung.com.co\/<\/a><\/p><p><strong>Investigaci\u00f3n en psicoterapia<br \/><\/strong>Chile.\u00a0 Agosto\u00a0 2018<br \/><a href=\"http:\/\/congresopsicoterapia.cl\/\" target=\"_blank\" rel=\"noopener\">http:\/\/congresopsicoterapia.cl\/<\/a><\/p><p><strong>XIII Congress WAPR<br \/><\/strong>Madrid\u00a0 Julio 2018<br \/><a href=\"http:\/\/www.wapr2018madrid.com\/\" target=\"_blank\" rel=\"noopener\">http:\/\/www.wapr2018madrid.com\/<\/a><\/p><p><strong>126 Th Annual American Psychological Association<br \/><\/strong>San Francisco. Agosto 2018<br \/><a href=\"http:\/\/www.apa.org\/news\/events\/2018\/apa-convention.aspx\" target=\"_blank\" rel=\"noopener\">http:\/\/www.apa.org\/news\/events\/2018\/apa-convention.aspx<\/a><\/p><p><strong>Federaci\u00f3n Psicoanal\u00edtica de Am\u00e9rica Latina (FEPAL)<br \/><\/strong>Septiembre 2018 . Lima Per\u00fa.<\/p><p><strong>Meeting the Needs of the XXI Century<br \/><\/strong>Octubre 2018<br \/><a href=\"http:\/\/www.mental-health-congress.ru\/en\/2018\/page\/exhibition\/\" target=\"_blank\" rel=\"noopener\">http:\/\/www.mental-health-congress.ru\/en\/2018\/page\/exhibition\/<\/a><\/p><p><strong>IV Congreso Internacional\u00a0 de Psicolog\u00eda Cl\u00ednica y de la Salud con ni\u00f1os y adolescentes<\/strong><br \/>Palma de Mayorca. Noviembre 2018<br \/><a href=\"http:\/\/www.copclm.com\/formacion\/formacion-otras-entidades\/item\/2947-iv-congreso-internacional-de-psicologia-clinica-y-de-la-salud-con-ninos-y-adolescentes\" target=\"_blank\" rel=\"noopener\">http:\/\/www.copclm.com\/formacion\/formacion-otras-entidades\/item\/2947-iv-congreso-internacional-de-psicologia-clinica-y-de-la-salud-con-ninos-y-adolescentes<\/a><\/p><p>NACIONALES<\/p><p><strong>Los duelos del cuerpo. Los duelos del Ser. Un abordaje psicoterap\u00e9utico<\/strong><br \/>27 de noviembre 2018, Sala Experimental Centro Cultural BOD (<a href=\"http:\/\/avepsi.org.ve\/site\/los-duelos-del-cuerpo-los-duelos-del-ser-un-abordaje-psicoterapeutico\/\">Ver info<\/a>)<\/p><p><strong>Psicoterapia de emergencia e intervenci\u00f3n en crisis. La experiencia de Psic\u00f3logos sin frontera<\/strong><br \/>24 de octubre 2018, Sala Experimental Centro Cultural BOD (<a href=\"http:\/\/avepsi.org.ve\/site\/psicoterapia-de-emergencia-e-intervencion-en-crisis-la-experiencia-de-psicologos-sin-frontera\/\">Ver info<\/a>)<\/p><p><strong>Taller \u201cAn\u00e1lisis del relato\u201d<\/strong><br \/>19 de octubre 2018, Universidad Metropolitana (<a href=\"http:\/\/avepsi.org.ve\/site\/taller-analisis-del-relato\/\">Ver info<\/a>)<\/p><p><strong>Conversatorio: Prevenci\u00f3n del suicidio. Conectar, comunicar, cuidar<\/strong><br \/>12 de septiembre 2018, Sala Experimental Centro Cultural BOD (<a href=\"http:\/\/avepsi.org.ve\/site\/conversatorio-prevencion-del-suicidio-conectar-comunicar-cuidar\/\">Ver info<\/a>)<\/p><p><strong>Psicoterapia \u00bfpara qui\u00e9n? y \u00bfqui\u00e9n puede ofrecerla?<\/strong><br \/>25 de julio 2018, Sala Experimental Centro Cultural BOD (<a href=\"http:\/\/avepsi.org.ve\/site\/psicoterapia-para-quien-y-quien-puede-ofrecerla\/\">Ver info<\/a>)<\/p><p><strong>\u00bfC\u00f3mo saber si alguien cercano necesita ayuda?. Signos de alerta<\/strong><br \/>27 de junio 2018, Sala Experimental Centro Cultural BOD (<a href=\"http:\/\/avepsi.org.ve\/site\/como-saber-si-alguien-cercano-necesita-ayuda-signos-de-alerta\/\">Ver info<\/a>)<\/p><p><strong>Taller: Herramientas para el manejo del stress<\/strong><br \/>16 de junio 2018, Federaci\u00f3n de Psic\u00f3logos de Venezuela (<a href=\"http:\/\/avepsi.org.ve\/site\/taller-herramientas-para-el-manejo-del-estres\/\">Ver info<\/a>)<\/p><p><strong>\u00bfQu\u00e9 necesitamos saber sobre la depresi\u00f3n?<\/strong><br \/>15 de mayo 2018, Sala Experimental Centro Cultural BOD (<a href=\"http:\/\/avepsi.org.ve\/site\/que-necesitamos-saber-sobre-la-depresion\/\">Ver info<\/a>)<\/p><p><strong>Conversatorio: \u00bfPor qu\u00e9 la psicoterapia cura?<\/strong><br \/>5 de mayo 2018, Sede de Federaci\u00f3n de Psic\u00f3logos de Venezuela (<a href=\"http:\/\/avepsi.org.ve\/site\/conversatorio-por-que-la-psicoterapia-cura\/\">Ver info<\/a>)<\/p><p><strong>Acompa\u00f1amiento Psicosocial \u2013 Relatos de la Esperanza<\/strong><br \/>26 de abril 2018, Auditorio Manoa UNIMET (<a href=\"http:\/\/avepsi.org.ve\/site\/acompanamiento-psicosocial-relatos-de-la-esperanza\/\">Ver info<\/a>)<\/p><p><strong>Conversatorio: Lo femenino, historia y derechos en Venezuela<\/strong><br \/>10 de Marzo 2018, Centro Cultural BOD (<a href=\"http:\/\/avepsi.org.ve\/site\/conversatorio-lo-femenino\/\">Ver info<\/a>)<\/p><\/div><\/div><\/div><\/div>\n\t\t\t\t<\/div>\n\t\t\t\t\t\t\t<div class=\"elementor-toggle-item\">\n\t\t\t\t\t<div id=\"elementor-tab-title-1476\" class=\"elementor-tab-title\" data-tab=\"6\" role=\"button\" aria-controls=\"elementor-tab-content-1476\" aria-expanded=\"false\">\n\t\t\t\t\t\t\t\t\t\t\t\t<span class=\"elementor-toggle-icon elementor-toggle-icon-left\" aria-hidden=\"true\">\n\t\t\t\t\t\t\t\t\t\t\t\t\t\t\t<span class=\"elementor-toggle-icon-closed\"><i class=\"fas fa-caret-right\"><\/i><\/span>\n\t\t\t\t\t\t\t\t<span class=\"elementor-toggle-icon-opened\"><i class=\"elementor-toggle-icon-opened fas fa-caret-up\"><\/i><\/span>\n\t\t\t\t\t\t\t\t\t\t\t\t\t<\/span>\n\t\t\t\t\t\t\t\t\t\t\t\t<a class=\"elementor-toggle-title\" tabindex=\"0\">2017<\/a>\n\t\t\t\t\t<\/div>\n\n\t\t\t\t\t<div id=\"elementor-tab-content-1476\" class=\"elementor-tab-content elementor-clearfix\" data-tab=\"6\" role=\"region\" aria-labelledby=\"elementor-tab-title-1476\"><p><strong>Conversatorio: \u201cEl anhelo de libertad vs el goce de la servidumbre voluntaria\u201d<\/strong><br \/>25 de Noviembre 2017, Centro Cultural Chacao (<a href=\"http:\/\/avepsi.org.ve\/site\/conversatorio-proximo-25-noviembre-el-anhelo-de-libertad-vs-el-goce-de-la-servidumbre-voluntaria\/\">Ver info<\/a>)<\/p><p><strong>Conversatorio: \u201cMitos e historia de la venezolanidad\u201d<\/strong><br \/>S\u00e1bado 14 de Octubre 2017, Quinta Macrey (<a href=\"http:\/\/avepsi.org.ve\/site\/conversatorio-mitos-e-historia-de-la-venezolanidad-sabado-14-octubre\/\">Ver info<\/a>)<\/p><\/div>\n\t\t\t\t<\/div>\n\t\t\t\t\t\t\t\t<\/div>\n\t\t\t\t\t\t<\/div>\n\t\t\t\t<\/div>\n\t\t\t\t\t<\/div>\n\t\t<\/div>\n\t\t\t\t<div class=\"elementor-column elementor-col-25 elementor-top-column elementor-element elementor-element-f9a3895\" data-id=\"f9a3895\" data-element_type=\"column\" data-e-type=\"column\">\n\t\t\t<div class=\"elementor-widget-wrap elementor-element-populated\">\n\t\t\t\t\t\t<div class=\"elementor-element elementor-element-76dec49 elementor-widget elementor-widget-toggle\" data-id=\"76dec49\" data-element_type=\"widget\" data-e-type=\"widget\" data-widget_type=\"toggle.default\">\n\t\t\t\t<div class=\"elementor-widget-container\">\n\t\t\t\t\t\t\t<div class=\"elementor-toggle\">\n\t\t\t\t\t\t\t<div class=\"elementor-toggle-item\">\n\t\t\t\t\t<div id=\"elementor-tab-title-1241\" class=\"elementor-tab-title\" data-tab=\"1\" role=\"button\" aria-controls=\"elementor-tab-content-1241\" aria-expanded=\"false\">\n\t\t\t\t\t\t\t\t\t\t\t\t<span class=\"elementor-toggle-icon elementor-toggle-icon-left\" aria-hidden=\"true\">\n\t\t\t\t\t\t\t\t\t\t\t\t\t\t\t<span class=\"elementor-toggle-icon-closed\"><i class=\"fas fa-caret-right\"><\/i><\/span>\n\t\t\t\t\t\t\t\t<span class=\"elementor-toggle-icon-opened\"><i class=\"elementor-toggle-icon-opened fas fa-caret-up\"><\/i><\/span>\n\t\t\t\t\t\t\t\t\t\t\t\t\t<\/span>\n\t\t\t\t\t\t\t\t\t\t\t\t<a class=\"elementor-toggle-title\" tabindex=\"0\">Congresos<\/a>\n\t\t\t\t\t<\/div>\n\n\t\t\t\t\t<div id=\"elementor-tab-content-1241\" class=\"elementor-tab-content elementor-clearfix\" data-tab=\"1\" role=\"region\" aria-labelledby=\"elementor-tab-title-1241\"><div id=\"pg-81-2\" class=\"panel-grid panel-no-style\"><div id=\"pgc-81-2-0\" class=\"panel-grid-cell\"><div id=\"panel-81-2-0-0\" class=\"so-panel widget widget_sow-editor panel-first-child panel-last-child\" data-index=\"2\"><div class=\"so-widget-sow-editor so-widget-sow-editor-base\"><div class=\"siteorigin-widget-tinymce textwidget\"><p><strong>XII Congreso Venezolano de Psicoterapia<\/strong><br \/><a href=\"https:\/\/avepsi.org.ve\/site\/eventos\/xii-congreso-venezolano-de-psicoterapia\/\" rel=\"noopener\">Ver Informaci\u00f3n<\/a><\/p><p><strong>XI Congreso Venezolano de Psicoterapia<\/strong><br \/><a href=\"http:\/\/avepsi.org.ve\/site\/xi-congreso-venezolano-de-psicoterapia\/\" rel=\"noopener\">Ver Informaci\u00f3n<\/a><\/p><p><strong>X Congreso de Psicoterapia<\/strong><br \/>Ver Informaci\u00f3n<\/p><p><strong>IX Congreso de Psicoterapia<\/strong><br \/><a href=\"http:\/\/avepsi.org.ve\/site\/wp-content\/uploads\/2016\/08\/Programa_2015.pdf\" target=\"_blank\" rel=\"noopener\">Ver Programa<\/a><\/p><\/div><\/div><\/div><\/div><div id=\"pgc-81-2-2\" class=\"panel-grid-cell\"><div id=\"panel-81-2-2-0\" class=\"so-panel widget widget_sow-editor panel-first-child panel-last-child\" data-index=\"4\"><div class=\"so-widget-sow-editor so-widget-sow-editor-base\"><div class=\"siteorigin-widget-tinymce textwidget\"><p><strong>VIII Congreso de Psicoterapia<\/strong><br \/><a href=\"http:\/\/avepsi.org.ve\/site\/wp-content\/uploads\/2016\/08\/Programa_2013.pdf\" target=\"_blank\" rel=\"noopener\">Ver Programa<\/a><\/p><\/div><\/div><\/div><\/div><\/div><div id=\"pg-81-3\" class=\"panel-grid panel-no-style\"><div id=\"pgc-81-3-0\" class=\"panel-grid-cell\"><div id=\"panel-81-3-0-0\" class=\"so-panel widget widget_sow-editor panel-first-child panel-last-child\" data-index=\"5\"><div class=\"so-widget-sow-editor so-widget-sow-editor-base\"><div class=\"siteorigin-widget-tinymce textwidget\"><p><strong>VII Congreso de Psicoterapia<\/strong><br \/><a href=\"http:\/\/avepsi.org.ve\/site\/wp-content\/uploads\/2016\/08\/Programa_2011.pdf\" target=\"_blank\" rel=\"noopener\">Ver Programa<\/a><\/p><\/div><\/div><\/div><\/div><\/div><\/div>\n\t\t\t\t<\/div>\n\t\t\t\t\t\t\t<div class=\"elementor-toggle-item\">\n\t\t\t\t\t<div id=\"elementor-tab-title-1242\" class=\"elementor-tab-title\" data-tab=\"2\" role=\"button\" aria-controls=\"elementor-tab-content-1242\" aria-expanded=\"false\">\n\t\t\t\t\t\t\t\t\t\t\t\t<span class=\"elementor-toggle-icon elementor-toggle-icon-left\" aria-hidden=\"true\">\n\t\t\t\t\t\t\t\t\t\t\t\t\t\t\t<span class=\"elementor-toggle-icon-closed\"><i class=\"fas fa-caret-right\"><\/i><\/span>\n\t\t\t\t\t\t\t\t<span class=\"elementor-toggle-icon-opened\"><i class=\"elementor-toggle-icon-opened fas fa-caret-up\"><\/i><\/span>\n\t\t\t\t\t\t\t\t\t\t\t\t\t<\/span>\n\t\t\t\t\t\t\t\t\t\t\t\t<a class=\"elementor-toggle-title\" tabindex=\"0\">Jornadas<\/a>\n\t\t\t\t\t<\/div>\n\n\t\t\t\t\t<div id=\"elementor-tab-content-1242\" class=\"elementor-tab-content elementor-clearfix\" data-tab=\"2\" role=\"region\" aria-labelledby=\"elementor-tab-title-1242\"><div id=\"pg-81-5\" class=\"panel-grid panel-no-style\"><div id=\"pgc-81-5-0\" class=\"panel-grid-cell\"><div id=\"panel-81-5-0-0\" class=\"so-panel widget widget_sow-editor panel-first-child panel-last-child\" data-index=\"7\"><div class=\"so-widget-sow-editor so-widget-sow-editor-base\"><div class=\"siteorigin-widget-tinymce textwidget\"><p><strong>Jornadas de Psicoterapia \u201cPsicoterapia y contemporaneidad\u201d<\/strong><br \/><a href=\"http:\/\/avepsi.org.ve\/site\/jornadas-de-psicoterapia-psicoterapia-y-contemporaneidad\/\" rel=\"noopener\">Ver Programa y Presentaciones<\/a><\/p><\/div><\/div><\/div><\/div><div id=\"pgc-81-5-1\" class=\"panel-grid-cell\"><div id=\"panel-81-5-1-0\" class=\"so-panel widget widget_sow-editor panel-first-child panel-last-child\" data-index=\"8\"><div class=\"so-widget-sow-editor so-widget-sow-editor-base\"><div class=\"siteorigin-widget-tinymce textwidget\"><p><strong>II Jornadas de Psicoterapia de Familia y Pareja \u00abDr. Luis Sanz\u00bb<\/strong><br \/><a href=\"http:\/\/avepsi.org.ve\/site\/wp-content\/uploads\/2016\/08\/jornada_incomunicados.pdf\" target=\"_blank\" rel=\"noopener\">Ver Programa<\/a><\/p><\/div><\/div><\/div><\/div><div id=\"pgc-81-5-2\" class=\"panel-grid-cell\"><div id=\"panel-81-5-2-0\" class=\"so-panel widget widget_sow-editor panel-first-child panel-last-child\" data-index=\"9\"><div class=\"so-widget-sow-editor so-widget-sow-editor-base\"><div class=\"siteorigin-widget-tinymce textwidget\"><p><strong>II Jornadas de Psicoterapia Infanto Juvenil<\/strong><br \/>Ver&#8230;<\/p><\/div><\/div><\/div><\/div><\/div><div id=\"pg-81-6\" class=\"panel-grid panel-no-style\"><div id=\"pgc-81-6-0\" class=\"panel-grid-cell\"><div id=\"panel-81-6-0-0\" class=\"so-panel widget widget_sow-editor panel-first-child panel-last-child\" data-index=\"10\"><div class=\"so-widget-sow-editor so-widget-sow-editor-base\"><div class=\"siteorigin-widget-tinymce textwidget\"><p><strong>Jornada de Psicoterapia Infanto-Juvenil<\/strong><br \/>Ver&#8230;<\/p><\/div><\/div><\/div><\/div><div id=\"pgc-81-6-1\" class=\"panel-grid-cell\"><div id=\"panel-81-6-1-0\" class=\"so-panel widget widget_sow-editor panel-first-child panel-last-child\" data-index=\"11\"><div class=\"so-widget-sow-editor so-widget-sow-editor-base\"><div class=\"siteorigin-widget-tinymce textwidget\"><p><strong>Primeras Jornadas de Pareja y Familia<\/strong><br \/><a href=\"http:\/\/avepsi.org.ve\/site\/wp-content\/uploads\/2016\/08\/jornada_familiaypareja.pdf\" target=\"_blank\" rel=\"noopener\">Ver Programa<\/a><br \/><strong><br \/>III Jornadas Luis Sanz de Pareja y Familia<\/strong><br \/>Ver ..<\/p><\/div><\/div><\/div><\/div><\/div><\/div>\n\t\t\t\t<\/div>\n\t\t\t\t\t\t\t\t<\/div>\n\t\t\t\t\t\t<\/div>\n\t\t\t\t<\/div>\n\t\t\t\t\t<\/div>\n\t\t<\/div>\n\t\t\t\t<div class=\"elementor-column elementor-col-25 elementor-top-column elementor-element elementor-element-e5cbe6f\" data-id=\"e5cbe6f\" data-element_type=\"column\" data-e-type=\"column\">\n\t\t\t<div class=\"elementor-widget-wrap\">\n\t\t\t\t\t\t\t<\/div>\n\t\t<\/div>\n\t\t\t\t\t<\/div>\n\t\t<\/section>\n\t\t\t\t<section class=\"elementor-section elementor-top-section elementor-element elementor-element-1a976766 elementor-section-boxed elementor-section-height-default elementor-section-height-default\" data-id=\"1a976766\" data-element_type=\"section\" data-e-type=\"section\">\n\t\t\t\t\t\t<div class=\"elementor-container elementor-column-gap-default\">\n\t\t\t\t\t<div class=\"elementor-column elementor-col-100 elementor-top-column elementor-element elementor-element-7f2cefb7\" data-id=\"7f2cefb7\" data-element_type=\"column\" data-e-type=\"column\">\n\t\t\t<div class=\"elementor-widget-wrap\">\n\t\t\t\t\t\t\t<\/div>\n\t\t<\/div>\n\t\t\t\t\t<\/div>\n\t\t<\/section>\n\t\t\t\t<\/div>\n\t\t","protected":false},"excerpt":{"rendered":"<p>2023 JORNADAS 2023. Vinculo y Psicoterapia, mas all\u00e1 del enfoque. 2022 Servicio de atenci\u00f3n Psicoanal\u00edtica a la sociedad. Sociedad Psicoanal\u00edtica [&hellip;]<\/p>\n","protected":false},"author":1,"featured_media":0,"parent":0,"menu_order":0,"comment_status":"closed","ping_status":"closed","template":"","meta":{"site-sidebar-layout":"default","site-content-layout":"","ast-site-content-layout":"default","site-content-style":"default","site-sidebar-style":"default","ast-global-header-display":"","ast-banner-title-visibility":"","ast-main-header-display":"","ast-hfb-above-header-display":"","ast-hfb-below-header-display":"","ast-hfb-mobile-header-display":"","site-post-title":"","ast-breadcrumbs-content":"","ast-featured-img":"","footer-sml-layout":"","ast-disable-related-posts":"","theme-transparent-header-meta":"","adv-header-id-meta":"","stick-header-meta":"","header-above-stick-meta":"","header-main-stick-meta":"","header-below-stick-meta":"","astra-migrate-meta-layouts":"default","ast-page-background-enabled":"default","ast-page-background-meta":{"desktop":{"background-color":"var(--ast-global-color-4)","background-image":"","background-repeat":"repeat","background-position":"center center","background-size":"auto","background-attachment":"scroll","background-type":"","background-media":"","overlay-type":"","overlay-color":"","overlay-opacity":"","overlay-gradient":""},"tablet":{"background-color":"","background-image":"","background-repeat":"repeat","background-position":"center center","background-size":"auto","background-attachment":"scroll","background-type":"","background-media":"","overlay-type":"","overlay-color":"","overlay-opacity":"","overlay-gradient":""},"mobile":{"background-color":"","background-image":"","background-repeat":"repeat","background-position":"center center","background-size":"auto","background-attachment":"scroll","background-type":"","background-media":"","overlay-type":"","overlay-color":"","overlay-opacity":"","overlay-gradient":""}},"ast-content-background-meta":{"desktop":{"background-color":"var(--ast-global-color-5)","background-image":"","background-repeat":"repeat","background-position":"center center","background-size":"auto","background-attachment":"scroll","background-type":"","background-media":"","overlay-type":"","overlay-color":"","overlay-opacity":"","overlay-gradient":""},"tablet":{"background-color":"var(--ast-global-color-5)","background-image":"","background-repeat":"repeat","background-position":"center center","background-size":"auto","background-attachment":"scroll","background-type":"","background-media":"","overlay-type":"","overlay-color":"","overlay-opacity":"","overlay-gradient":""},"mobile":{"background-color":"var(--ast-global-color-5)","background-image":"","background-repeat":"repeat","background-position":"center center","background-size":"auto","background-attachment":"scroll","background-type":"","background-media":"","overlay-type":"","overlay-color":"","overlay-opacity":"","overlay-gradient":""}},"footnotes":""},"class_list":["post-637","page","type-page","status-publish","hentry"],"_links":{"self":[{"href":"https:\/\/avepsi.org.ve\/site\/wp-json\/wp\/v2\/pages\/637","targetHints":{"allow":["GET"]}}],"collection":[{"href":"https:\/\/avepsi.org.ve\/site\/wp-json\/wp\/v2\/pages"}],"about":[{"href":"https:\/\/avepsi.org.ve\/site\/wp-json\/wp\/v2\/types\/page"}],"author":[{"embeddable":true,"href":"https:\/\/avepsi.org.ve\/site\/wp-json\/wp\/v2\/users\/1"}],"replies":[{"embeddable":true,"href":"https:\/\/avepsi.org.ve\/site\/wp-json\/wp\/v2\/comments?post=637"}],"version-history":[{"count":3,"href":"https:\/\/avepsi.org.ve\/site\/wp-json\/wp\/v2\/pages\/637\/revisions"}],"predecessor-version":[{"id":3695,"href":"https:\/\/avepsi.org.ve\/site\/wp-json\/wp\/v2\/pages\/637\/revisions\/3695"}],"wp:attachment":[{"href":"https:\/\/avepsi.org.ve\/site\/wp-json\/wp\/v2\/media?parent=637"}],"curies":[{"name":"wp","href":"https:\/\/api.w.org\/{rel}","templated":true}]}}